{"id":5692,"date":"2023-07-29T13:23:33","date_gmt":"2023-07-29T11:23:33","guid":{"rendered":"https:\/\/szczecinska.com.pl\/?page_id=5692"},"modified":"2025-07-21T23:54:35","modified_gmt":"2025-07-21T21:54:35","slug":"path-2","status":"publish","type":"page","link":"https:\/\/szczecinska.com.pl\/?page_id=5692","title":{"rendered":"Trasa najd\u0142u\u017cszej w Polsce pielgrzymki pieszej na Jasn\u0105 G\u00f3r\u0119:"},"content":{"rendered":"\n<p>Pustkowo &#8211; Cz\u0119stochowa 651,8 km<\/p>\n\n\n\n<p>\u015awinouj\u015bcie &#8211; Cz\u0119stochowa 639,7 km<\/p>\n\n\n\n<p>Szczecin &#8211; Cz\u0119stochowa 531.3 km<\/p>\n\n\n\n<p>Podane powy\u017cej kilometry s\u0105 potwierdzone poprzez aplikacj\u0119 Relive poprzez kt\u00f3r\u0105 dwukrotnie analizowali\u015bmy nasz\u0105 tras\u0119 mierz\u0105c jej kilometry.<\/p>\n\n\n\n<h1 class=\"wp-block-heading\">Trasa pielgrzymki:<\/h1>\n\n\n\n<p><strong>25.07<\/strong><\/p>\n\n\n\n<p>Pustkowo &#8211; Pobierowo &#8211; \u0141uk\u0119cin &#8211; Radawka &#8211; Wrzosowo &#8211; Kamie\u0144 Pomorski: 25km<\/p>\n\n\n\n<p><strong>26.07<\/strong><\/p>\n\n\n\n<p>Trasa 1:<\/p>\n\n\n\n<p>Kamie\u0144 Pomorski &#8211; Jarszewo &#8211; Dusin &#8211; Sibin &#8211; Laska &#8211; Wolin: 23,1 km<\/p>\n\n\n\n<p>Trasa 2:<\/p>\n\n\n\n<p>\u015awinouj\u015bcie &#8211; szlak R10 &#8211; Mi\u0119dzyzdroje &#8211; Warnowo &#8211; \u0141adzin &#8211; Mokrzyca Wielka &#8211; Wolin: 36 km<\/p>\n\n\n\n<p><strong>27.07<\/strong><\/p>\n\n\n\n<p>Wolin &#8211; \u0141\u0105ka &#8211; \u017barnowo &#8211; Zielonczyn &#8211; Mi\u0142owo &#8211; Stepniczka &#8211; Stepnica: 26,4 km<\/p>\n\n\n\n<p><strong>28.07<\/strong><\/p>\n\n\n\n<p>Stepnica &#8211; Kr\u0119psko &#8211; Goleniowski Park Przemys\u0142owy &#8211; Rurzyca &#8211; Kliniska Wielkie &#8211; Pucice &#8211; Za\u0142om &#8211; Szczecin os. S\u0142oneczne: 46 km<\/p>\n\n\n\n<p><strong>29.07<\/strong><\/p>\n\n\n\n<p>Szczecin os. S\u0142oneczne &#8211; P\u0142onia &#8211; Nied\u017awied\u017a &#8211; Motaniec &#8211; Kobylanka &#8211; Morzyczyn &#8211; Zieleniewo &#8211; Stargard: 28,9 km<\/p>\n\n\n\n<p><strong>30.07<\/strong><\/p>\n\n\n\n<p>Stargard &#8211; Witkowo Pierwsze &#8211; Kr\u0119pcewo &#8211; Rzeplino &#8211; Piasecznik &#8211; Bonin &#8211; Choszczno: 38,1 km<\/p>\n\n\n\n<p><strong>31.07<\/strong><\/p>\n\n\n\n<p>Choszczno &#8211; Radu\u0144 &#8211; Zieleniewo &#8211; P\u0142oszkowo &#8211; Bierzwnik: 27 km<\/p>\n\n\n\n<p><strong>1.08<\/strong><\/p>\n\n\n\n<p>Bierzwnik &#8211; Jaglisko &#8211; Klasztorne &#8211; Dobiegniew &#8211; Ostrowiec &#8211; Klesno &#8211; Drezdenko: 34,1 km<\/p>\n\n\n\n<p><strong>2.08<\/strong><\/p>\n\n\n\n<p>Drezdenko &#8211; Niegos\u0142aw &#8211; Puszcza Notecka &#8211; Sierak\u00f3w: 31,6 km<\/p>\n\n\n\n<p><strong>3.08<\/strong><\/p>\n\n\n\n<p>Sierak\u00f3w &#8211; Ry\u017cyn &#8211; Bia\u0142cz &#8211; \u0141\u0119\u017ceczki &#8211; Bia\u0142okosz &#8211; Pniewy &#8211; Jakubowo &#8211; Che\u0142minko &#8211; Duszniki: 40,4 km<\/p>\n\n\n\n<p><strong>4.08<\/strong><\/p>\n\n\n\n<p>Duszniki &#8211; S\u0119dzinko &#8211; Zalesie &#8211; Buk &#8211; Dobie\u017cyn &#8211; Tomiczki &#8211; Rybojedzko &#8211; Wielkawie\u015b &#8211; St\u0119szew: 31,6 km<\/p>\n\n\n\n<p><strong>5.08<\/strong><\/p>\n\n\n\n<p>St\u0119szew &#8211; Witobel &#8211; B\u0119dlewo &#8211; Boles\u0142awiec &#8211; Borkowice &#8211; Pecna &#8211; I\u0142\u00f3wiec &#8211; Brodnica &#8211; Przylepki &#8211; Boreczek &#8211; G\u00f3ra &#8211; Psarskie &#8211; \u015arem: 41,8 km<\/p>\n\n\n\n<p><strong>6.08<\/strong><\/p>\n\n\n\n<p>\u015arem &#8211; Borgowo &#8211; Wieszczyczyn &#8211; B\u0142a\u017cejewo &#8211; \u0141ugi &#8211; Je\u017cewo &#8211; Borek Wlkp.: 29,7 km<\/p>\n\n\n\n<p><strong>7.08<\/strong><\/p>\n\n\n\n<p>Borek Wlkp. &#8211; Zimnowoda &#8211; Borz\u0119ciczki &#8211; Ga\u0142\u0105zki &#8211; Ko\u017amin Wlkp. &#8211; Wolenice &#8211; Krotoszyn: 34,3 km<\/p>\n\n\n\n<p><strong>8.08<\/strong><\/p>\n\n\n\n<p>Krotoszyn &#8211; Sulmierzyce &#8211; Biadaszki &#8211; Odolan\u00f3w &#8211; \u015awieca &#8211; Czarnylas: 36,1 km<\/p>\n\n\n\n<p><strong>9.08<\/strong><\/p>\n\n\n\n<p>Czarnylas &#8211; Szklarka Przygodzicka &#8211; Szklarka My\u015blniewska &#8211; Ostrzesz\u00f3w &#8211; Rogaszyce &#8211; Turze &#8211; K\u0119pno: 42,3 km. <\/p>\n\n\n\n<p><strong>10.08<\/strong><\/p>\n\n\n\n<p>K\u0119pno &#8211; Baran\u00f3w &#8211; Jankowy &#8211; Biadaszki &#8211; Opat\u00f3w &#8211; Boles\u0142awiec &#8211; W\u00f3jcin &#8211; Dzietrzkowice &#8211; Skomlin: 37,2 km<\/p>\n\n\n\n<p><strong>11.08<\/strong><\/p>\n\n\n\n<p>Skomlin &#8211; Wr\u00f3blew &#8211; Gana &#8211; Ku\u017anica &#8211; \u0141azy &#8211; Rudniki &#8211; Cieciu\u0142\u00f3w &#8211; Bobrowa &#8211; Starokrzepice: 35,8 km<\/p>\n\n\n\n<p><strong>12.08<\/strong><\/p>\n\n\n\n<p>Starokrzepice &#8211; Kostrzyna &#8211; Pacan\u00f3w &#8211; Panki &#8211; Truskolasy &#8211; Wr\u0119czyca Wielka &#8211; Kalej: 29,4 km<\/p>\n\n\n\n<p><strong>13.08<\/strong><\/p>\n\n\n\n<p>Kalej &#8211; Szarlejka &#8211; Cz\u0119stochowa: 13 km<\/p>\n","protected":false},"excerpt":{"rendered":"<p>Pustkowo &#8211; Cz\u0119stochowa 651,8 km \u015awinouj\u015bcie &#8211; Cz\u0119stochowa 639,7 km Szczecin &#8211; Cz\u0119stochowa 531.3 km Podane powy\u017cej kilometry s\u0105 potwierdzone poprzez aplikacj\u0119 Relive poprzez kt\u00f3r\u0105 dwukrotnie analizowali\u015bmy nasz\u0105 tras\u0119 mierz\u0105c jej kilometry. Trasa pielgrzymki: 25.07 Pustkowo &#8211; Pobierowo &#8211; \u0141uk\u0119cin &#8211; Radawka &#8211; Wrzosowo &#8211; Kamie\u0144 Pomorski: 25km 26.07 Trasa 1: Kamie\u0144 Pomorski &#8211; Jarszewo [&hellip;]<\/p>\n","protected":false},"author":1,"featured_media":0,"parent":0,"menu_order":0,"comment_status":"closed","ping_status":"closed","template":"","meta":{"ngg_post_thumbnail":0,"footnotes":""},"class_list":["post-5692","page","type-page","status-publish","hentry"],"_links":{"self":[{"href":"https:\/\/szczecinska.com.pl\/index.php?rest_route=\/wp\/v2\/pages\/5692","targetHints":{"allow":["GET"]}}],"collection":[{"href":"https:\/\/szczecinska.com.pl\/index.php?rest_route=\/wp\/v2\/pages"}],"about":[{"href":"https:\/\/szczecinska.com.pl\/index.php?rest_route=\/wp\/v2\/types\/page"}],"author":[{"embeddable":true,"href":"https:\/\/szczecinska.com.pl\/index.php?rest_route=\/wp\/v2\/users\/1"}],"replies":[{"embeddable":true,"href":"https:\/\/szczecinska.com.pl\/index.php?rest_route=%2Fwp%2Fv2%2Fcomments&post=5692"}],"version-history":[{"count":66,"href":"https:\/\/szczecinska.com.pl\/index.php?rest_route=\/wp\/v2\/pages\/5692\/revisions"}],"predecessor-version":[{"id":7010,"href":"https:\/\/szczecinska.com.pl\/index.php?rest_route=\/wp\/v2\/pages\/5692\/revisions\/7010"}],"wp:attachment":[{"href":"https:\/\/szczecinska.com.pl\/index.php?rest_route=%2Fwp%2Fv2%2Fmedia&parent=5692"}],"curies":[{"name":"wp","href":"https:\/\/api.w.org\/{rel}","templated":true}]}}