{"id":17,"date":"2023-06-16T11:31:15","date_gmt":"2023-06-16T09:31:15","guid":{"rendered":"http:\/\/szczecinska.com.pl\/?page_id=17"},"modified":"2023-07-29T19:21:55","modified_gmt":"2023-07-29T17:21:55","slug":"17-2","status":"publish","type":"page","link":"https:\/\/szczecinska.com.pl\/","title":{"rendered":""},"content":{"rendered":"\n<div class=\"alignnormal\"><div id=\"metaslider-id-1553\" style=\"width: 100%;\" class=\"ml-slider-3-108-0 metaslider metaslider-flex metaslider-1553 ml-slider has-dots-nav ms-theme-default\" role=\"region\" aria-label=\"New Slideshow\" data-height=\"300\" data-width=\"700\">\n    <div id=\"metaslider_container_1553\">\n        <div id=\"metaslider_1553\">\n            <ul class='slides'>\n                <li style=\"display: block; width: 100%;\" class=\"slide-7049 ms-image \" aria-roledescription=\"slide\" data-date=\"2025-10-13 23:12:24\" data-filename=\"Droga-Krzyzowa-700x300.jpg\" data-slide-type=\"image\"><a href=\"https:\/\/szczecinska.com.pl\/?p=7065\" target=\"_self\" aria-label=\"View Slide Details\" class=\"metaslider_image_link\"><img loading=\"lazy\" decoding=\"async\" src=\"https:\/\/szczecinska.com.pl\/wp-content\/uploads\/2026\/03\/Droga-Krzyzowa-700x300.jpg\" height=\"300\" width=\"700\" alt=\"\" class=\"slider-1553 slide-7049 msDefaultImage\" title=\"Droga Krzy\u017cowa\" \/><\/a><div class=\"caption-wrap\"><div class=\"caption\"><div>PIELGRZYMUJ Z NAMI CA\u0141Y ROK!!!<\/div> <div>W ramach naszych comiesi\u0119cznych spotka\u0144 zapraszamy w najbli\u017cszy pi\u0105tek tj. 20.03.2026 r. na godz. 19:30 na nabo\u017ce\u0144stwo drogi krzy\u017cowej, kt\u00f3re odb\u0119dzie si\u0119 w parafii \u015aw. Krzy\u017ca na ul. H. Wieniawskiego 4 w Szczecinie.<\/div> <div>Zapraszamy do wsp\u00f3lnej modlitwy.<\/div><\/div><\/div><\/li>\n                <li style=\"display: none; width: 100%;\" class=\"slide-7006 ms-image \" aria-roledescription=\"slide\" data-date=\"2025-07-21 23:25:00\" data-filename=\"Plakat-na-strone-www-wersja-2-700x300.jpg\" data-slide-type=\"image\"><img loading=\"lazy\" decoding=\"async\" src=\"https:\/\/szczecinska.com.pl\/wp-content\/uploads\/2025\/07\/Plakat-na-strone-www-wersja-2-700x300.jpg\" height=\"300\" width=\"700\" alt=\"\" class=\"slider-1553 slide-7006 msDefaultImage\" title=\"Plakat na stron\u0119 www wersja 2\" \/><div class=\"caption-wrap\"><div class=\"caption\"><div>Przed nami 41 Szczeci\u0144ska piesza. Zapraszamy do wyruszenia z nami na najd\u0142u\u017cszy p\u0105tniczy szlak w polsce.\u00a0<\/div><\/div><\/div><\/li>\n                <li style=\"display: none; width: 100%;\" class=\"slide-7015 ms-image \" aria-roledescription=\"slide\" data-date=\"2025-07-22 00:16:14\" data-filename=\"Najdluzsza-Pielgrzymka-w-Polsce-2025-na-strone-www-700x300.jpg\" data-slide-type=\"image\"><a href=\"https:\/\/szczecinska.com.pl\/?page_id=5692\" target=\"_self\" aria-label=\"View Slide Details\" class=\"metaslider_image_link\"><img loading=\"lazy\" decoding=\"async\" src=\"https:\/\/szczecinska.com.pl\/wp-content\/uploads\/2025\/07\/Najdluzsza-Pielgrzymka-w-Polsce-2025-na-strone-www-700x300.jpg\" height=\"300\" width=\"700\" alt=\"\" class=\"slider-1553 slide-7015 msDefaultImage\" title=\"Najd\u0142u\u017csza Pielgrzymka w Polsce 2025 na stron\u0119 www\" \/><\/a><div class=\"caption-wrap\"><div class=\"caption\"><div>Trasa najd\u0142u\u017cszej pieszej pielhgrzymki w\u00a0<\/div><\/div><\/div><\/li>\n            <\/ul>\n        <\/div>\n        \n    <\/div>\n<\/div><\/div>\n\n\n\n<div class=\"wp-block-columns are-vertically-aligned-center section menu-color is-layout-flex wp-container-core-columns-is-layout-9d6595d7 wp-block-columns-is-layout-flex\">\n<div class=\"wp-block-column is-vertically-aligned-center is-layout-flow wp-block-column-is-layout-flow\" style=\"flex-basis:33.33%\"><div class=\"wp-block-image is-style-default\">\n<figure class=\"aligncenter size-full is-resized\"><img loading=\"lazy\" decoding=\"async\" src=\"https:\/\/szczecinska.com.pl\/wp-content\/uploads\/2023\/06\/cropped-Logo-1.png\" alt=\"Logo Szczeci\u0144ska Piesza Pielgrzymka na Jasn\u0105 G\u00f3r\u0119\" class=\"wp-image-23\" width=\"284\" height=\"284\" srcset=\"https:\/\/szczecinska.com.pl\/wp-content\/uploads\/2023\/06\/cropped-Logo-1.png 178w, https:\/\/szczecinska.com.pl\/wp-content\/uploads\/2023\/06\/cropped-Logo-1-150x150.png 150w\" sizes=\"auto, (max-width: 284px) 100vw, 284px\" \/><\/figure>\n<\/div><\/div>\n\n\n\n<div class=\"wp-block-column is-vertically-aligned-center is-layout-flow wp-block-column-is-layout-flow\" style=\"flex-basis:66.66%\">\n<div class=\"wp-block-group is-vertical is-layout-flex wp-container-core-group-is-layout-8cf370e7 wp-block-group-is-layout-flex\">\n<h4 class=\"wp-block-heading has-large-font-size\">Szczeci\u0144ska Piesza Pielgrzymka na Jasn\u0105 G\u00f3r\u0119<\/h4>\n\n\n\n<div class=\"wp-block-group\"><div class=\"wp-block-group__inner-container is-layout-constrained wp-block-group-is-layout-constrained\">\n<p class=\"has-medium-font-size\">&#8222;Szczeci\u0144ska&#8221; to najd\u0142u\u017csza (kilometrowo i pod k\u0105tem ilo\u015bci dni) pielgrzymka piesza w Polsce. To zar\u00f3wno czas modlitwy, rozwoju duchowego i spotkania z Bogiem jak i nawi\u0105zywania nowych znajomo\u015bci (czasem takich na ca\u0142e \u017cycie), wsp\u00f3lnej zabawy i satysfakcji z pokonywania siebie ka\u017cdego dnia.<\/p>\n\n\n\n<p class=\"has-medium-font-size\">Jak ka\u017cda pielgrzymka niesie ze sob\u0105 zar\u00f3wno mn\u00f3stwo trud\u00f3w jak i rado\u015bci, ale pomimo tego &#8222;Szczeci\u0144ska&#8221; ma grono sta\u0142ych pielgrzym\u00f3w, kt\u00f3rych mo\u017cna zobaczy\u0107 na niej co roku. Mamy nadziej\u0119 \u017ce i Ty wkr\u00f3tce do\u0142\u0105czysz do tego grona.<\/p>\n\n\n\n<p class=\"has-medium-font-size\">Zach\u0119camy do przejrzenia zak\u0142adki &#8222;Informacje&#8221; w menu, znajdziesz tam wiele informacji na temat &#8222;Szczeci\u0144skiej&#8221; kt\u00f3re pomog\u0105 Ci podj\u0105\u0107 decyzj\u0119 o do\u0142\u0105czeniu do nas na pielgrzymim szlaku. Do zobaczenia!<\/p>\n<\/div><\/div>\n<\/div>\n<\/div>\n<\/div>\n\n\n\n<div class=\"wp-block-group second-color is-vertical is-content-justification-center is-layout-flex wp-container-core-group-is-layout-88a7ed2c wp-block-group-is-layout-flex\">\n<div class=\"wp-block-group section second-color\"><div class=\"wp-block-group__inner-container is-layout-constrained wp-block-group-is-layout-constrained\">\n<h2 class=\"wp-block-heading has-text-align-center\">Aktualno\u015bci<\/h2>\n\n\n\n<div style=\"height:23px\" aria-hidden=\"true\" class=\"wp-block-spacer\"><\/div>\n\n\n<ul class=\"wp-block-latest-posts__list is-grid columns-4 wp-block-latest-posts has-medium-font-size\"><li><div class=\"wp-block-latest-posts__featured-image aligncenter\"><a href=\"https:\/\/szczecinska.com.pl\/?p=7065\" aria-label=\"DROGA KRZY\u017bOWA\"><img decoding=\"async\" src=\"https:\/\/szczecinska.com.pl\/wp-content\/uploads\/2026\/03\/Droga-Krzyzowa-150x150.jpg\" class=\"attachment-thumbnail size-thumbnail wp-post-image\" alt=\"\" style=\"\" \/><\/a><\/div><a class=\"wp-block-latest-posts__post-title\" href=\"https:\/\/szczecinska.com.pl\/?p=7065\">DROGA KRZY\u017bOWA<\/a><div class=\"wp-block-latest-posts__post-excerpt\">PIELGRZYMUJ Z NAMI CA\u0141Y ROK!!! W ramach naszych comiesi\u0119cznych spotka\u0144 zapraszamy w najbli\u017cszy pi\u0105tek tj. 20.03.2026 r. na godz. 19:30\u2026 <a class=\"wp-block-latest-posts__read-more\" href=\"https:\/\/szczecinska.com.pl\/?p=7065\" rel=\"noopener noreferrer\">Dowiedz si\u0119 wi\u0119cej<span class=\"screen-reader-text\">: DROGA KRZY\u017bOWA<\/span><\/a><\/div><\/li>\n<li><a class=\"wp-block-latest-posts__post-title\" href=\"https:\/\/szczecinska.com.pl\/?p=7060\">SPOTKANIE OP\u0141ATKOWE<\/a><div class=\"wp-block-latest-posts__post-excerpt\">Zapraszamy ju\u017c w najbli\u017csz\u0105 sobot\u0119 na nasze coroczne spotkanie op\u0142atkowe kt\u00f3re odb\u0119dzie si\u0119 w parafii \u015bw. Krzy\u017ca na ul. H.\u2026 <a class=\"wp-block-latest-posts__read-more\" href=\"https:\/\/szczecinska.com.pl\/?p=7060\" rel=\"noopener noreferrer\">Dowiedz si\u0119 wi\u0119cej<span class=\"screen-reader-text\">: SPOTKANIE OP\u0141ATKOWE<\/span><\/a><\/div><\/li>\n<li><a class=\"wp-block-latest-posts__post-title\" href=\"https:\/\/szczecinska.com.pl\/?p=7053\">WYPOMINKI PIELGRZYMKOWE<\/a><div class=\"wp-block-latest-posts__post-excerpt\">Kochani!!! Ju\u017c w najbli\u017cszy pi\u0105tek 14.11.2025 r. zapraszamy Was do wsp\u00f3lnej modlitwy wspominkowej za zmar\u0142ych pielgrzym\u00f3w, gospodarzy, dobroczy\u0144c\u00f3w i ofiarodawc\u00f3w\u2026 <a class=\"wp-block-latest-posts__read-more\" href=\"https:\/\/szczecinska.com.pl\/?p=7053\" rel=\"noopener noreferrer\">Dowiedz si\u0119 wi\u0119cej<span class=\"screen-reader-text\">: WYPOMINKI PIELGRZYMKOWE<\/span><\/a><\/div><\/li>\n<li><div class=\"wp-block-latest-posts__featured-image aligncenter\"><a href=\"https:\/\/szczecinska.com.pl\/?p=7047\" aria-label=\"PIELGRZYMUJ Z NAMI CA\u0141Y ROK!!!\"><img decoding=\"async\" src=\"https:\/\/szczecinska.com.pl\/wp-content\/uploads\/2025\/10\/Plakat-na-czuwania-na-strone-www-150x150.jpg\" class=\"attachment-thumbnail size-thumbnail wp-post-image\" alt=\"\" style=\"\" \/><\/a><\/div><a class=\"wp-block-latest-posts__post-title\" href=\"https:\/\/szczecinska.com.pl\/?p=7047\">PIELGRZYMUJ Z NAMI CA\u0141Y ROK!!!<\/a><div class=\"wp-block-latest-posts__post-excerpt\">PIELGRZYMUJ Z NAMI CA\u0141Y ROK!!! Zapraszamy ju\u017c w najbli\u017cszy pi\u0105tek na wieczorne czuwanie pielgrzymkowe kt\u00f3re odb\u0119dzie si\u0119 17.10.2025 r. w\u2026 <a class=\"wp-block-latest-posts__read-more\" href=\"https:\/\/szczecinska.com.pl\/?p=7047\" rel=\"noopener noreferrer\">Dowiedz si\u0119 wi\u0119cej<span class=\"screen-reader-text\">: PIELGRZYMUJ Z NAMI CA\u0141Y ROK!!!<\/span><\/a><\/div><\/li>\n<\/ul>\n\n\n<div class=\"wp-block-buttons is-content-justification-center is-layout-flex wp-container-core-buttons-is-layout-16018d1d wp-block-buttons-is-layout-flex\">\n<div class=\"wp-block-button has-custom-font-size has-medium-font-size\"><a class=\"wp-block-button__link has-text-align-center wp-element-button\" href=\"https:\/\/szczecinska.com.pl\/?cat=10\">Wi\u0119cej aktualno\u015bci<\/a><\/div>\n<\/div>\n<\/div><\/div>\n<\/div>\n\n\n\n<div class=\"wp-block-columns are-vertically-aligned-center section menu-color is-layout-flex wp-container-core-columns-is-layout-9d6595d7 wp-block-columns-is-layout-flex\">\n<div class=\"wp-block-column is-vertically-aligned-center is-layout-flow wp-block-column-is-layout-flow\" style=\"flex-basis:100%\">\n<div class=\"wp-block-group is-vertical is-content-justification-stretch is-layout-flex wp-container-core-group-is-layout-b16ad781 wp-block-group-is-layout-flex\">\n<h2 class=\"wp-block-heading\">Trasa &#8222;Szczeci\u0144skiej&#8221;<\/h2>\n\n\n\n<p class=\"has-medium-font-size\">Trasa tej najd\u0142u\u017cszej w naszym kraju pielgrzymki na Jasn\u0105 G\u00f3r\u0119 wiedzie r\u00f3\u017cnymi terenami. Zaczyna si\u0119 tu\u017c obok nadmorskiej pla\u017cy (w Pustkowie), przechodzi przez wyspy, pojezierza, tereny pe\u0142ne p\u00f3l uprawnych, lasy, r\u00f3\u017cne miasta i miasteczka.<\/p>\n\n\n\n<p class=\"has-medium-font-size\">Ka\u017cdy odcinek trasy &#8222;Szczeci\u0144skiej&#8221; posiada swoje wyj\u0105tkowe cechy. Nie da si\u0119 przedstawi\u0107 ich kr\u00f3tko. Dlatego w dziale &#8222;Trasa&#8221; znajdziesz informacje na temat poszczeg\u00f3lnych odcink\u00f3w. Mamy nadziej\u0119, \u017ce pomog\u0105 Ci one odwa\u017cy\u0107 si\u0119 na ten krok rozpocz\u0119cia pielgrzymowania.<\/p>\n\n\n\n<div class=\"wp-block-buttons is-content-justification-center is-layout-flex wp-container-core-buttons-is-layout-16018d1d wp-block-buttons-is-layout-flex\">\n<div class=\"wp-block-button has-custom-font-size is-style-fill has-medium-font-size\"><a class=\"wp-block-button__link has-text-align-center wp-element-button\" href=\"https:\/\/szczecinska.com.pl\/?page_id=5692\">Sprawd\u017a etapy!<\/a><\/div>\n<\/div>\n<\/div>\n<\/div>\n\n\n\n<div class=\"wp-block-column is-vertically-aligned-center is-layout-flow wp-block-column-is-layout-flow\" style=\"flex-basis:100%\"><div class=\"wp-block-image is-style-default\">\n<figure class=\"aligncenter size-full is-resized\"><img loading=\"lazy\" decoding=\"async\" src=\"https:\/\/szczecinska.com.pl\/wp-content\/uploads\/2023\/07\/mapa.svg\" alt=\"\" class=\"wp-image-1613\" width=\"469\" height=\"332\"\/><\/figure>\n<\/div><\/div>\n<\/div>\n\n\n\n<div class=\"wp-block-group section second-color is-vertical is-content-justification-center is-layout-flex wp-container-core-group-is-layout-73a99bce wp-block-group-is-layout-flex\">\n<h2 class=\"wp-block-heading has-text-align-center\">Galerie<\/h2>\n\n\n\nngg_shortcode_0_placeholder\n\n\n\n<div class=\"wp-block-buttons is-content-justification-center is-layout-flex wp-container-core-buttons-is-layout-16018d1d wp-block-buttons-is-layout-flex\">\n<div class=\"wp-block-button has-custom-font-size has-medium-font-size\"><a class=\"wp-block-button__link wp-element-button\" href=\"https:\/\/szczecinska.com.pl\/?page_id=47\">Wi\u0119cej galerii<\/a><\/div>\n<\/div>\n<\/div>\n\n\n\n<div class=\"wp-block-group section menu-color is-vertical is-content-justification-center is-layout-flex wp-container-core-group-is-layout-73a99bce wp-block-group-is-layout-flex\">\n<h2 class=\"wp-block-heading\">Do\u0142\u0105cz do nas!<\/h2>\n\n\n\n<div class=\"wp-block-columns is-layout-flex wp-container-core-columns-is-layout-9d6595d7 wp-block-columns-is-layout-flex\">\n<div class=\"wp-block-column is-layout-flow wp-block-column-is-layout-flow\" style=\"flex-basis:66.66%\">\n<p class=\"has-medium-font-size\">Chcesz spr\u00f3bowa\u0107 swoich si\u0142 na pielgrzymim szlaku? Zapisz si\u0119 na tegoroczn\u0105 pielgrzymk\u0119!<\/p>\n<\/div>\n\n\n\n<div class=\"wp-block-column is-layout-flow wp-block-column-is-layout-flow\" style=\"flex-basis:33.33%\">\n<div class=\"wp-block-buttons is-content-justification-center is-layout-flex wp-container-core-buttons-is-layout-16018d1d wp-block-buttons-is-layout-flex\">\n<div class=\"wp-block-button has-custom-font-size has-medium-font-size\"><a class=\"wp-block-button__link wp-element-button\" href=\"https:\/\/szczecinska.com.pl\/?page_id=53\">Zapisuj\u0119 si\u0119!<\/a><\/div>\n<\/div>\n<\/div>\n<\/div>\n<\/div>\n\n\n\n<div class=\"wp-block-group section second-color is-vertical is-content-justification-center is-layout-flex wp-container-core-group-is-layout-4b2eccd6 wp-block-group-is-layout-flex\">\n<h2 class=\"wp-block-heading has-text-align-center\">Dowiedz si\u0119 wi\u0119cej!<\/h2>\n\n\n\n<div class=\"wp-block-columns has-medium-font-size is-layout-flex wp-container-core-columns-is-layout-9d6595d7 wp-block-columns-is-layout-flex\">\n<div class=\"wp-block-column is-layout-flow wp-block-column-is-layout-flow\">\n<div class=\"wp-block-columns is-layout-flex wp-container-core-columns-is-layout-9d6595d7 wp-block-columns-is-layout-flex\">\n<div class=\"wp-block-column is-layout-flow wp-block-column-is-layout-flow\">\n<div class=\"container-fluid m-2 p-2\" style=\"border: 1px solid black; width: 200px;\">\n<a href=\"https:\/\/szczecinska.com.pl\/?p=57\" style=\"color: black; text-decoration: none;\">\n<div class=\"row align-items-center\">\n<div class=\"text-center\"><i class=\"fas fa-users\" style=\"font-size: 30px;\" aria-hidden=\"true\"><\/i>\n<h5 class=\"m-1\">Ludzie Szczeci\u0144skiej<\/h5>\n<\/div>\n<\/div>\n<\/a>\n<\/div>\n<\/div>\n\n\n\n<div class=\"wp-block-column is-layout-flow wp-block-column-is-layout-flow\">\n<div class=\"container-fluid m-2 p-2\" style=\"border: 1px solid black; width: 200px;\"><a href=\"https:\/\/szczecinska.com.pl\/?p=49\" style=\"color: black; text-decoration: none;\">\n<div class=\"row align-items-center\">\n<div class=\"text-center\"><i class=\"fas fa-file\" style=\"font-size: 30px;\" aria-hidden=\"true\"><\/i>\n<h5 class=\"m-1 pt-2 pb-3\">Regulamin<\/h5>\n<\/div>\n<\/div>\n<\/a><\/div>\n<\/div>\n<\/div>\n<\/div>\n\n\n\n<div class=\"wp-block-column is-layout-flow wp-block-column-is-layout-flow\">\n<div class=\"wp-block-columns is-layout-flex wp-container-core-columns-is-layout-9d6595d7 wp-block-columns-is-layout-flex\">\n<div class=\"wp-block-column is-layout-flow wp-block-column-is-layout-flow\">\n<div class=\"container-fluid m-2 p-2\" style=\"border: 1px solid black; width: 200px;\"><a href=\"https:\/\/szczecinska.com.pl\/?p=55\" style=\"color: black; text-decoration: none;\">\n<div class=\"row align-items-center\">\n<div class=\"text-center\"><i class=\"fas fa-landmark\" style=\"font-size: 30px;\" aria-hidden=\"true\"><\/i>\n<h5 class=\"m-1\">Historia pielgrzymki<\/h5>\n<\/div>\n<\/div>\n<\/a><\/div>\n<\/div>\n\n\n\n<div class=\"wp-block-column is-layout-flow wp-block-column-is-layout-flow\">\n<div class=\"container-fluid m-2 p-2\" style=\"border: 1px solid black; width: 200px;\"><a href=\"https:\/\/szczecinska.com.pl\/?cat=12\" style=\"color: black; text-decoration: none;\">\n<div class=\"row align-items-center\">\n<div class=\"text-center\"><i class=\"fas fa-book\" style=\"font-size: 30px;\" aria-hidden=\"true\"><\/i>\n<h5 class=\"m-1 pt-2 pb-3\">ABC Pielgrzyma<\/h5>\n<\/div>\n<\/div>\n<\/a>\n<\/div>\n<\/div>\n<\/div>\n<\/div>\n<\/div>\n\n\n\n<div class=\"wp-block-buttons is-content-justification-center is-layout-flex wp-container-core-buttons-is-layout-16018d1d wp-block-buttons-is-layout-flex\">\n<div class=\"wp-block-button has-custom-font-size has-medium-font-size\"><a class=\"wp-block-button__link has-text-align-center wp-element-button\" href=\"https:\/\/szczecinska.com.pl\/?cat=11\">Wi\u0119cej<\/a><\/div>\n<\/div>\n<\/div>\n","protected":false},"excerpt":{"rendered":"<p>Szczeci\u0144ska Piesza Pielgrzymka na Jasn\u0105 G\u00f3r\u0119 &#8222;Szczeci\u0144ska&#8221; to najd\u0142u\u017csza (kilometrowo i pod k\u0105tem ilo\u015bci dni) pielgrzymka piesza w Polsce. To zar\u00f3wno czas modlitwy, rozwoju duchowego i spotkania z Bogiem jak i nawi\u0105zywania nowych znajomo\u015bci (czasem takich na ca\u0142e \u017cycie), wsp\u00f3lnej zabawy i satysfakcji z pokonywania siebie ka\u017cdego dnia. Jak ka\u017cda pielgrzymka niesie ze sob\u0105 zar\u00f3wno [&hellip;]<\/p>\n","protected":false},"author":1,"featured_media":0,"parent":0,"menu_order":0,"comment_status":"closed","ping_status":"closed","template":"","meta":{"ngg_post_thumbnail":0,"footnotes":""},"class_list":["post-17","page","type-page","status-publish","hentry"],"_links":{"self":[{"href":"https:\/\/szczecinska.com.pl\/index.php?rest_route=\/wp\/v2\/pages\/17","targetHints":{"allow":["GET"]}}],"collection":[{"href":"https:\/\/szczecinska.com.pl\/index.php?rest_route=\/wp\/v2\/pages"}],"about":[{"href":"https:\/\/szczecinska.com.pl\/index.php?rest_route=\/wp\/v2\/types\/page"}],"author":[{"embeddable":true,"href":"https:\/\/szczecinska.com.pl\/index.php?rest_route=\/wp\/v2\/users\/1"}],"replies":[{"embeddable":true,"href":"https:\/\/szczecinska.com.pl\/index.php?rest_route=%2Fwp%2Fv2%2Fcomments&post=17"}],"version-history":[{"count":26,"href":"https:\/\/szczecinska.com.pl\/index.php?rest_route=\/wp\/v2\/pages\/17\/revisions"}],"predecessor-version":[{"id":5767,"href":"https:\/\/szczecinska.com.pl\/index.php?rest_route=\/wp\/v2\/pages\/17\/revisions\/5767"}],"wp:attachment":[{"href":"https:\/\/szczecinska.com.pl\/index.php?rest_route=%2Fwp%2Fv2%2Fmedia&parent=17"}],"curies":[{"name":"wp","href":"https:\/\/api.w.org\/{rel}","templated":true}]}}